{"id":22,"date":"2014-11-06T02:06:18","date_gmt":"2014-11-06T02:06:18","guid":{"rendered":"https:\/\/2020.caminhodasaguas.org.br\/conversando-com-as-aguas-em-itu\/"},"modified":"2014-11-06T02:06:18","modified_gmt":"2014-11-06T02:06:18","slug":"conversando-com-as-aguas-em-itu","status":"publish","type":"page","link":"https:\/\/caminhodasaguas.org.br\/maya\/conversando-com-as-aguas-em-itu\/","title":{"rendered":"Conversando com as \u00c1guas"},"content":{"rendered":"\n<\/p>\n<p style=\"text-align: justify\">Conforme a Portaria N\u00ba 2.914\/11 do Minist\u00e9rio da Sa\u00fade, Art.5\u00ba, \u00e9 considerada \u00e1gua para consumo humano a \u00e1gua pot\u00e1vel destinada \u00e0 ingest\u00e3o, prepara\u00e7\u00e3o e produ\u00e7\u00e3o de alimentos e \u00e0 higiene pessoal, independentemente da sua origem. Para \u00e1gua ser pot\u00e1vel \u00e9 necess\u00e1rio n\u00e3o oferecer riscos \u00e0 sa\u00fade e atender ao padr\u00e3o de potabilidade estabelecido nesta Portaria.<\/p>\n<p style=\"text-align: justify\">Al\u00e9m do monitoramento emergencial da qualidade da \u00e1gua o projeto busca comparar os resultados encontrados em laborat\u00f3rio com resultados obtidos a partir de m\u00e9todos alternativos e de baixo custo que\u00a0s\u00e3o testados quanto a sua efici\u00eancia de an\u00e1lise e acessibilidade para pessoas comuns em\u00a0qualquer lugar seja resid\u00eancias, na rua, na natureza, etc.<\/p>\n<p style=\"text-align: justify\">\u00a0<\/p>\n<h3 style=\"text-align: justify\">Documentos relacionados<\/h3>\n<p style=\"text-align: justify\">Relat\u00f3rio preliminar de desenvolvimento da pol\u00eamica durante a seca em 05 de novembro de 2014 &#8211; <a href=\"https:\/\/caminhodasaguas.org.br\/maya\/wp-content\/uploads\/sites\/4\/2014\/11\/dmdocuments_relatorioparcial_02-conversando_com_as_aguas.pdf\" target=\"_blank\" rel=\"noopener noreferrer\">link\u00a0aqui<\/a>*<\/p>\n<p style=\"text-align: justify\"><span style=\"font-size: 11px;font-weight: bold;line-height: 16px;text-align: center;background-color: #eeeeee\">* 13\/11\/2014 &#8211; Para motivos de desambigua\u00e7\u00e3o e adequa\u00e7\u00e3o, dadas as m\u00e1s interpreta\u00e7\u00f5es e interpreta\u00e7\u00f5es de m\u00e1 f\u00e9, extra\u00edmos a tabela descritiva dos resultados parciais. O teor permanece. ver\u00a0<\/span><a style=\"margin: 0px;padding: 0px;border: 0px;font-size: 11px;color: #15334d;font-weight: bold;text-align: center;background: #eeeeee\" href=\"index.php\/hidros\/midias\/108-nota-publica-012014\" target=\"_blank\" rel=\"noopener noreferrer\">Nota P\u00fablica 01\/2014<\/a><\/p>\n<p style=\"text-align: center\"><img decoding=\"async\" class=\" size-full wp-image-21\" src=\"https:\/\/caminhodasaguas.org.br\/maya\/wp-content\/uploads\/sites\/4\/2014\/11\/compartilhe-13300-13.png\" alt=\"Trate da \u00e1gua antes de beber\" width=\"600\" srcset=\"https:\/\/caminhodasaguas.org.br\/maya\/wp-content\/uploads\/sites\/4\/2014\/11\/compartilhe-13300-13.png 755w, https:\/\/caminhodasaguas.org.br\/maya\/wp-content\/uploads\/sites\/4\/2014\/11\/compartilhe-13300-13-300x150.png 300w\" sizes=\"(max-width: 755px) 100vw, 755px\" \/><\/p>\n<p style=\"text-align: center\">\u00a0<\/p>\n<p style=\"text-align: center\">.<\/p>\n","protected":false},"excerpt":{"rendered":"<p style=\"text-align: justify\">O Projeto Conversando com as \u00c1guas tem como objetivo principal realizar o monitoramento e a an\u00e1lise emergencial da \u00e1gua captada pela popula\u00e7\u00e3o durante situa\u00e7\u00f5es de crise e eventos h\u00eddricos extremos na cidade e entorno de Itu\/SP,\u00a0bacia hidrogr\u00e1fica Sorocaba M\u00e9dio Tiet\u00ea.\u00a0<\/p>\n","protected":false},"author":1,"featured_media":19,"parent":0,"menu_order":7,"comment_status":"closed","ping_status":"closed","template":"","meta":{"footnotes":""},"class_list":["post-22","page","type-page","status-publish","has-post-thumbnail","hentry"],"blocksy_meta":[],"yoast_head":"<!-- This site is optimized with the Yoast SEO plugin v27.0 - https:\/\/yoast.com\/product\/yoast-seo-wordpress\/ -->\n<title>Conversando com as \u00c1guas - Caminho das \u00c1guas 20 Anos<\/title>\n<meta name=\"robots\" content=\"index, follow, max-snippet:-1, max-image-preview:large, max-video-preview:-1\" \/>\n<link rel=\"canonical\" href=\"https:\/\/caminhodasaguas.org.br\/maya\/conversando-com-as-aguas-em-itu\/\" \/>\n<meta property=\"og:locale\" content=\"pt_BR\" \/>\n<meta property=\"og:type\" content=\"article\" \/>\n<meta property=\"og:title\" content=\"Conversando com as \u00c1guas - Caminho das \u00c1guas 20 Anos\" \/>\n<meta property=\"og:description\" content=\"O Projeto Conversando com as \u00c1guas tem como objetivo principal realizar o monitoramento e a an\u00e1lise emergencial da \u00e1gua captada pela popula\u00e7\u00e3o durante situa\u00e7\u00f5es de crise e eventos h\u00eddricos extremos na cidade e entorno de Itu\/SP,\u00a0bacia hidrogr\u00e1fica Sorocaba M\u00e9dio Tiet\u00ea.\u00a0\" \/>\n<meta property=\"og:url\" content=\"https:\/\/caminhodasaguas.org.br\/maya\/conversando-com-as-aguas-em-itu\/\" \/>\n<meta property=\"og:site_name\" content=\"Caminho das \u00c1guas 20 Anos\" \/>\n<meta property=\"article:publisher\" content=\"https:\/\/facebook.com\/caminhodasaguas\" \/>\n<meta property=\"og:image\" content=\"https:\/\/caminhodasaguas.org.br\/maya\/wp-content\/uploads\/sites\/4\/2014\/11\/itu-coleta-01.jpg\" \/>\n\t<meta property=\"og:image:width\" content=\"960\" \/>\n\t<meta property=\"og:image:height\" content=\"540\" \/>\n\t<meta property=\"og:image:type\" content=\"image\/jpeg\" \/>\n<meta name=\"twitter:card\" content=\"summary_large_image\" \/>\n<meta name=\"twitter:site\" content=\"@caminhodasaguas\" \/>\n<meta name=\"twitter:label1\" content=\"Est. tempo de leitura\" \/>\n\t<meta name=\"twitter:data1\" content=\"1 minuto\" \/>\n<script type=\"application\/ld+json\" class=\"yoast-schema-graph\">{\"@context\":\"https:\/\/schema.org\",\"@graph\":[{\"@type\":\"WebPage\",\"@id\":\"https:\/\/caminhodasaguas.org.br\/maya\/conversando-com-as-aguas-em-itu\/\",\"url\":\"https:\/\/caminhodasaguas.org.br\/maya\/conversando-com-as-aguas-em-itu\/\",\"name\":\"Conversando com as \u00c1guas - Caminho das \u00c1guas 20 Anos\",\"isPartOf\":{\"@id\":\"https:\/\/caminhodasaguas.org.br\/maya\/#website\"},\"primaryImageOfPage\":{\"@id\":\"https:\/\/caminhodasaguas.org.br\/maya\/conversando-com-as-aguas-em-itu\/#primaryimage\"},\"image\":{\"@id\":\"https:\/\/caminhodasaguas.org.br\/maya\/conversando-com-as-aguas-em-itu\/#primaryimage\"},\"thumbnailUrl\":\"https:\/\/caminhodasaguas.org.br\/maya\/wp-content\/uploads\/sites\/4\/2014\/11\/itu-coleta-01.jpg\",\"datePublished\":\"2014-11-06T02:06:18+00:00\",\"breadcrumb\":{\"@id\":\"https:\/\/caminhodasaguas.org.br\/maya\/conversando-com-as-aguas-em-itu\/#breadcrumb\"},\"inLanguage\":\"pt-BR\",\"potentialAction\":[{\"@type\":\"ReadAction\",\"target\":[\"https:\/\/caminhodasaguas.org.br\/maya\/conversando-com-as-aguas-em-itu\/\"]}]},{\"@type\":\"ImageObject\",\"inLanguage\":\"pt-BR\",\"@id\":\"https:\/\/caminhodasaguas.org.br\/maya\/conversando-com-as-aguas-em-itu\/#primaryimage\",\"url\":\"https:\/\/caminhodasaguas.org.br\/maya\/wp-content\/uploads\/sites\/4\/2014\/11\/itu-coleta-01.jpg\",\"contentUrl\":\"https:\/\/caminhodasaguas.org.br\/maya\/wp-content\/uploads\/sites\/4\/2014\/11\/itu-coleta-01.jpg\",\"width\":960,\"height\":540,\"caption\":\"Coleta para an\u00e1lise\"},{\"@type\":\"BreadcrumbList\",\"@id\":\"https:\/\/caminhodasaguas.org.br\/maya\/conversando-com-as-aguas-em-itu\/#breadcrumb\",\"itemListElement\":[{\"@type\":\"ListItem\",\"position\":1,\"name\":\"In\u00edcio\",\"item\":\"https:\/\/caminhodasaguas.org.br\/maya\/\"},{\"@type\":\"ListItem\",\"position\":2,\"name\":\"Conversando com as \u00c1guas\"}]},{\"@type\":\"WebSite\",\"@id\":\"https:\/\/caminhodasaguas.org.br\/maya\/#website\",\"url\":\"https:\/\/caminhodasaguas.org.br\/maya\/\",\"name\":\"Caminho das \u00c1guas 20 Anos\",\"description\":\"Movimento S\u00f3cio-Ambiental Caminho das \u00c1guas\",\"publisher\":{\"@id\":\"https:\/\/caminhodasaguas.org.br\/maya\/#organization\"},\"potentialAction\":[{\"@type\":\"SearchAction\",\"target\":{\"@type\":\"EntryPoint\",\"urlTemplate\":\"https:\/\/caminhodasaguas.org.br\/maya\/?s={search_term_string}\"},\"query-input\":{\"@type\":\"PropertyValueSpecification\",\"valueRequired\":true,\"valueName\":\"search_term_string\"}}],\"inLanguage\":\"pt-BR\"},{\"@type\":\"Organization\",\"@id\":\"https:\/\/caminhodasaguas.org.br\/maya\/#organization\",\"name\":\"Caminho das \u00c1guas\",\"url\":\"https:\/\/caminhodasaguas.org.br\/maya\/\",\"logo\":{\"@type\":\"ImageObject\",\"inLanguage\":\"pt-BR\",\"@id\":\"https:\/\/caminhodasaguas.org.br\/maya\/#\/schema\/logo\/image\/\",\"url\":\"https:\/\/caminhodasaguas.org.br\/wp-content\/uploads\/2020\/03\/logoch2o-hrz-grd.png\",\"contentUrl\":\"https:\/\/caminhodasaguas.org.br\/wp-content\/uploads\/2020\/03\/logoch2o-hrz-grd.png\",\"width\":1024,\"height\":420,\"caption\":\"Caminho das \u00c1guas\"},\"image\":{\"@id\":\"https:\/\/caminhodasaguas.org.br\/maya\/#\/schema\/logo\/image\/\"},\"sameAs\":[\"https:\/\/facebook.com\/caminhodasaguas\",\"https:\/\/x.com\/caminhodasaguas\",\"https:\/\/instagram.com\/caminhoh2o\",\"https:\/\/www.linkedin.com\/company\/ong-caminho-das-guas\"]}]}<\/script>\n<!-- \/ Yoast SEO plugin. -->","yoast_head_json":{"title":"Conversando com as \u00c1guas - Caminho das \u00c1guas 20 Anos","robots":{"index":"index","follow":"follow","max-snippet":"max-snippet:-1","max-image-preview":"max-image-preview:large","max-video-preview":"max-video-preview:-1"},"canonical":"https:\/\/caminhodasaguas.org.br\/maya\/conversando-com-as-aguas-em-itu\/","og_locale":"pt_BR","og_type":"article","og_title":"Conversando com as \u00c1guas - Caminho das \u00c1guas 20 Anos","og_description":"O Projeto Conversando com as \u00c1guas tem como objetivo principal realizar o monitoramento e a an\u00e1lise emergencial da \u00e1gua captada pela popula\u00e7\u00e3o durante situa\u00e7\u00f5es de crise e eventos h\u00eddricos extremos na cidade e entorno de Itu\/SP,\u00a0bacia hidrogr\u00e1fica Sorocaba M\u00e9dio Tiet\u00ea.\u00a0","og_url":"https:\/\/caminhodasaguas.org.br\/maya\/conversando-com-as-aguas-em-itu\/","og_site_name":"Caminho das \u00c1guas 20 Anos","article_publisher":"https:\/\/facebook.com\/caminhodasaguas","og_image":[{"width":960,"height":540,"url":"https:\/\/caminhodasaguas.org.br\/maya\/wp-content\/uploads\/sites\/4\/2014\/11\/itu-coleta-01.jpg","type":"image\/jpeg"}],"twitter_card":"summary_large_image","twitter_site":"@caminhodasaguas","twitter_misc":{"Est. tempo de leitura":"1 minuto"},"schema":{"@context":"https:\/\/schema.org","@graph":[{"@type":"WebPage","@id":"https:\/\/caminhodasaguas.org.br\/maya\/conversando-com-as-aguas-em-itu\/","url":"https:\/\/caminhodasaguas.org.br\/maya\/conversando-com-as-aguas-em-itu\/","name":"Conversando com as \u00c1guas - Caminho das \u00c1guas 20 Anos","isPartOf":{"@id":"https:\/\/caminhodasaguas.org.br\/maya\/#website"},"primaryImageOfPage":{"@id":"https:\/\/caminhodasaguas.org.br\/maya\/conversando-com-as-aguas-em-itu\/#primaryimage"},"image":{"@id":"https:\/\/caminhodasaguas.org.br\/maya\/conversando-com-as-aguas-em-itu\/#primaryimage"},"thumbnailUrl":"https:\/\/caminhodasaguas.org.br\/maya\/wp-content\/uploads\/sites\/4\/2014\/11\/itu-coleta-01.jpg","datePublished":"2014-11-06T02:06:18+00:00","breadcrumb":{"@id":"https:\/\/caminhodasaguas.org.br\/maya\/conversando-com-as-aguas-em-itu\/#breadcrumb"},"inLanguage":"pt-BR","potentialAction":[{"@type":"ReadAction","target":["https:\/\/caminhodasaguas.org.br\/maya\/conversando-com-as-aguas-em-itu\/"]}]},{"@type":"ImageObject","inLanguage":"pt-BR","@id":"https:\/\/caminhodasaguas.org.br\/maya\/conversando-com-as-aguas-em-itu\/#primaryimage","url":"https:\/\/caminhodasaguas.org.br\/maya\/wp-content\/uploads\/sites\/4\/2014\/11\/itu-coleta-01.jpg","contentUrl":"https:\/\/caminhodasaguas.org.br\/maya\/wp-content\/uploads\/sites\/4\/2014\/11\/itu-coleta-01.jpg","width":960,"height":540,"caption":"Coleta para an\u00e1lise"},{"@type":"BreadcrumbList","@id":"https:\/\/caminhodasaguas.org.br\/maya\/conversando-com-as-aguas-em-itu\/#breadcrumb","itemListElement":[{"@type":"ListItem","position":1,"name":"In\u00edcio","item":"https:\/\/caminhodasaguas.org.br\/maya\/"},{"@type":"ListItem","position":2,"name":"Conversando com as \u00c1guas"}]},{"@type":"WebSite","@id":"https:\/\/caminhodasaguas.org.br\/maya\/#website","url":"https:\/\/caminhodasaguas.org.br\/maya\/","name":"Caminho das \u00c1guas 20 Anos","description":"Movimento S\u00f3cio-Ambiental Caminho das \u00c1guas","publisher":{"@id":"https:\/\/caminhodasaguas.org.br\/maya\/#organization"},"potentialAction":[{"@type":"SearchAction","target":{"@type":"EntryPoint","urlTemplate":"https:\/\/caminhodasaguas.org.br\/maya\/?s={search_term_string}"},"query-input":{"@type":"PropertyValueSpecification","valueRequired":true,"valueName":"search_term_string"}}],"inLanguage":"pt-BR"},{"@type":"Organization","@id":"https:\/\/caminhodasaguas.org.br\/maya\/#organization","name":"Caminho das \u00c1guas","url":"https:\/\/caminhodasaguas.org.br\/maya\/","logo":{"@type":"ImageObject","inLanguage":"pt-BR","@id":"https:\/\/caminhodasaguas.org.br\/maya\/#\/schema\/logo\/image\/","url":"https:\/\/caminhodasaguas.org.br\/wp-content\/uploads\/2020\/03\/logoch2o-hrz-grd.png","contentUrl":"https:\/\/caminhodasaguas.org.br\/wp-content\/uploads\/2020\/03\/logoch2o-hrz-grd.png","width":1024,"height":420,"caption":"Caminho das \u00c1guas"},"image":{"@id":"https:\/\/caminhodasaguas.org.br\/maya\/#\/schema\/logo\/image\/"},"sameAs":["https:\/\/facebook.com\/caminhodasaguas","https:\/\/x.com\/caminhodasaguas","https:\/\/instagram.com\/caminhoh2o","https:\/\/www.linkedin.com\/company\/ong-caminho-das-guas"]}]}},"_links":{"self":[{"href":"https:\/\/caminhodasaguas.org.br\/maya\/wp-json\/wp\/v2\/pages\/22","targetHints":{"allow":["GET"]}}],"collection":[{"href":"https:\/\/caminhodasaguas.org.br\/maya\/wp-json\/wp\/v2\/pages"}],"about":[{"href":"https:\/\/caminhodasaguas.org.br\/maya\/wp-json\/wp\/v2\/types\/page"}],"author":[{"embeddable":true,"href":"https:\/\/caminhodasaguas.org.br\/maya\/wp-json\/wp\/v2\/users\/1"}],"replies":[{"embeddable":true,"href":"https:\/\/caminhodasaguas.org.br\/maya\/wp-json\/wp\/v2\/comments?post=22"}],"version-history":[{"count":0,"href":"https:\/\/caminhodasaguas.org.br\/maya\/wp-json\/wp\/v2\/pages\/22\/revisions"}],"wp:featuredmedia":[{"embeddable":true,"href":"https:\/\/caminhodasaguas.org.br\/maya\/wp-json\/wp\/v2\/media\/19"}],"wp:attachment":[{"href":"https:\/\/caminhodasaguas.org.br\/maya\/wp-json\/wp\/v2\/media?parent=22"}],"curies":[{"name":"wp","href":"https:\/\/api.w.org\/{rel}","templated":true}]}}