{"id":48,"date":"2018-02-21T16:03:58","date_gmt":"2018-02-21T16:03:58","guid":{"rendered":"https:\/\/2020.caminhodasaguas.org.br\/aguas-bem-comum-em-midia-livre\/"},"modified":"2018-02-21T16:03:58","modified_gmt":"2018-02-21T16:03:58","slug":"aguas-bem-comum-em-midia-livre","status":"publish","type":"page","link":"https:\/\/caminhodasaguas.org.br\/maya\/aguas-bem-comum-em-midia-livre\/","title":{"rendered":"\u00c1guas Bem Comum em M\u00eddia Livre"},"content":{"rendered":"<p><img decoding=\"async\" src=\"https:\/\/caminhodasaguas.org.br\/maya\/wp-content\/uploads\/sites\/4\/2020\/03\/logo-aguasml-150.png\" alt=\"\" width=\"150\" height=\"106\" class=\"size-full wp-image-2934 alignleft\" \/>O \u00c1guas.ML \u00e9 uma iniciativa em Ci\u00eancia Aberta focada em uma plataforma que pretende apresentar projetos bem sucedidos em todo o mundo para inspirar a\u00e7\u00f5es de planejamento, design e desenvolvimento de cidades e organiza\u00e7\u00f5es, assim como comunidades e enxames.<\/p>\n<p>Queremos oferecer uma vis\u00e3o pr\u00e1tica de projetos de sucesso \u2013 todos com impactos socioambientias positivos al\u00e9m do pr\u00f3prio projeto.<\/p>\n<p>Ela tamb\u00e9m faz parte da pesquisa do Carlos Diego de S Rodrigues no Mestrado Profissional em Gest\u00e3o e Regula\u00e7\u00e3o de Recursos H\u00eddricos PROF\u00c1GUA, assim como d\u00e1 suporte \u00e0 pesquisa de uma rede de pesquisadores que se capilariza a cada movimento.<\/p>\n<p>O Prof\u00c1gua \u00e9 um programa de p\u00f3s-gradua\u00e7\u00e3o stricto sensu em Gest\u00e3o e Regula\u00e7\u00e3o de Recursos H\u00eddricos recomendado pela Coordena\u00e7\u00e3o de Aperfei\u00e7oamento de Pessoal de N\u00edvel Superior (CAPES) do Minist\u00e9rio da Educa\u00e7\u00e3o e coordenado pela Universidade Estadual Paulista J\u00falio de Mesquita Filho, a UNESP de Ilha Solteira.<\/p>\n<p style=\"margin-bottom: 15px;margin-top: 0px;color: #333333;font-family: 'Open Sans', sans-serif;font-size: 16px;font-style: normal;font-weight: 400;letter-spacing: normal;text-align: start;text-indent: 0px;text-transform: none;background-color: #ffffff\"><a href=\"https:\/\/aguas.ml\" target=\"_blank\" rel=\"noopener noreferrer\"><\/a><\/p>\n<p style=\"margin-bottom: 15px;margin-top: 0px;color: #333333;font-family: 'Open Sans', sans-serif;font-size: 16px;font-style: normal;font-weight: 400;letter-spacing: normal;text-align: start;text-indent: 0px;text-transform: none;background-color: #ffffff\"><strong>LINK<\/strong>:\u00a0<a style=\"color: #3957f5\" href=\"https:\/\/brasil.aguas.ml\/\" target=\"_blank\" rel=\"noopener noreferrer\">https:\/\/brasil.aguas.ml<\/a><\/p>\n<h3 style=\"clear: both;margin: 0px;line-height: 1.5;color: #333333\"><\/h3>\n<h3 style=\"clear: both;margin: 0px;line-height: 1.5;color: #333333\">Agradecimentos Institucionais<\/h3>\n<p style=\"margin-bottom: 15px;margin-top: 0px;color: #333333;font-size: 16px\">Universidades, ONG\u00b4s e sociedade que ap\u00f3ia esta iniciativa<\/p>\n<p>&nbsp;<\/p>\n<div class=\"su-row\" style=\"clear: both;margin-bottom: 1.5em;color: #333333;font-size: 16px\">\n<div class=\"su-column su-column-size-1-4\" style=\"margin: 0px;float: left;width: 161.906px\">\n<div class=\"su-column-inner su-clearfix\"><img decoding=\"async\" class=\"alignnone wp-image-274 size-full wp-image-45\" style=\"border: 0px;height: auto;margin-top: 0px;margin-bottom: 0px\" src=\"https:\/\/caminhodasaguas.org.br\/maya\/wp-content\/uploads\/sites\/4\/2018\/02\/aguas.ml_wp-content_uploads_2016_09_logo-dec.jpg\" alt=\"logo-dec\" width=\"150\" height=\"79\" \/><\/div>\n<\/div>\n<div class=\"su-column su-column-size-1-4\" style=\"margin: 0px 0px 0px 29.4375px;float: left;width: 161.906px\">\n<div class=\"su-column-inner su-clearfix\"><img decoding=\"async\" class=\"alignnone wp-image-6 size-full wp-image-46\" style=\"border: 0px;height: auto;margin-top: 0px;margin-bottom: 0px\" src=\"https:\/\/caminhodasaguas.org.br\/maya\/wp-content\/uploads\/sites\/4\/2018\/02\/aguas.ml_wp-content_uploads_2016_09_logo_oficial.png\" alt=\"logo_oficial\" width=\"150\" height=\"64\" \/><\/div>\n<\/div>\n<p><img loading=\"lazy\" decoding=\"async\" src=\"https:\/\/caminhodasaguas.org.br\/maya\/wp-content\/uploads\/sites\/4\/2020\/03\/lassu-150x75-1.png\" alt=\"\" width=\"150\" height=\"75\" class=\"alignnone size-full wp-image-3118\" \/> <img loading=\"lazy\" decoding=\"async\" src=\"https:\/\/caminhodasaguas.org.br\/maya\/wp-content\/uploads\/sites\/4\/2020\/03\/logo-ana-p.png\" alt=\"\" width=\"145\" height=\"72\" class=\"alignnone size-full wp-image-3117\" \/><\/p>\n<\/div>\n<p>.<\/p>\n","protected":false},"excerpt":{"rendered":"<p>O \u00c1guas.ML \u00e9 uma iniciativa em Ci\u00eancia Aberta focada em uma plataforma que pretende apresentar projetos bem sucedidos em todo o mundo para inspirar a\u00e7\u00f5es de planejamento, design e desenvolvimento de cidades e organiza\u00e7\u00f5es, assim como comunidades e enxames. Queremos oferecer uma vis\u00e3o pr\u00e1tica de projetos de sucesso \u2013 todos com impactos socioambientias positivos al\u00e9m [&hellip;]<\/p>\n","protected":false},"author":1,"featured_media":44,"parent":0,"menu_order":0,"comment_status":"closed","ping_status":"closed","template":"","meta":{"footnotes":""},"class_list":["post-48","page","type-page","status-publish","has-post-thumbnail","hentry"],"blocksy_meta":[],"yoast_head":"<!-- This site is optimized with the Yoast SEO plugin v27.0 - https:\/\/yoast.com\/product\/yoast-seo-wordpress\/ -->\n<title>\u00c1guas Bem Comum em M\u00eddia Livre - Caminho das \u00c1guas 20 Anos<\/title>\n<meta name=\"robots\" content=\"index, follow, max-snippet:-1, max-image-preview:large, max-video-preview:-1\" \/>\n<link rel=\"canonical\" href=\"https:\/\/caminhodasaguas.org.br\/maya\/aguas-bem-comum-em-midia-livre\/\" \/>\n<meta property=\"og:locale\" content=\"pt_BR\" \/>\n<meta property=\"og:type\" content=\"article\" \/>\n<meta property=\"og:title\" content=\"\u00c1guas Bem Comum em M\u00eddia Livre - Caminho das \u00c1guas 20 Anos\" \/>\n<meta property=\"og:description\" content=\"O \u00c1guas.ML \u00e9 uma iniciativa em Ci\u00eancia Aberta focada em uma plataforma que pretende apresentar projetos bem sucedidos em todo o mundo para inspirar a\u00e7\u00f5es de planejamento, design e desenvolvimento de cidades e organiza\u00e7\u00f5es, assim como comunidades e enxames. Queremos oferecer uma vis\u00e3o pr\u00e1tica de projetos de sucesso \u2013 todos com impactos socioambientias positivos al\u00e9m [&hellip;]\" \/>\n<meta property=\"og:url\" content=\"https:\/\/caminhodasaguas.org.br\/maya\/aguas-bem-comum-em-midia-livre\/\" \/>\n<meta property=\"og:site_name\" content=\"Caminho das \u00c1guas 20 Anos\" \/>\n<meta property=\"article:publisher\" content=\"https:\/\/facebook.com\/caminhodasaguas\" \/>\n<meta property=\"og:image\" content=\"https:\/\/caminhodasaguas.org.br\/maya\/wp-content\/uploads\/sites\/4\/2018\/02\/site_projetos_aguasbot-1.4.png\" \/>\n\t<meta property=\"og:image:width\" content=\"1890\" \/>\n\t<meta property=\"og:image:height\" content=\"1417\" \/>\n\t<meta property=\"og:image:type\" content=\"image\/png\" \/>\n<meta name=\"twitter:card\" content=\"summary_large_image\" \/>\n<meta name=\"twitter:site\" content=\"@caminhodasaguas\" \/>\n<meta name=\"twitter:label1\" content=\"Est. tempo de leitura\" \/>\n\t<meta name=\"twitter:data1\" content=\"1 minuto\" \/>\n<script type=\"application\/ld+json\" class=\"yoast-schema-graph\">{\"@context\":\"https:\/\/schema.org\",\"@graph\":[{\"@type\":\"WebPage\",\"@id\":\"https:\/\/caminhodasaguas.org.br\/maya\/aguas-bem-comum-em-midia-livre\/\",\"url\":\"https:\/\/caminhodasaguas.org.br\/maya\/aguas-bem-comum-em-midia-livre\/\",\"name\":\"\u00c1guas Bem Comum em M\u00eddia Livre - Caminho das \u00c1guas 20 Anos\",\"isPartOf\":{\"@id\":\"https:\/\/caminhodasaguas.org.br\/maya\/#website\"},\"primaryImageOfPage\":{\"@id\":\"https:\/\/caminhodasaguas.org.br\/maya\/aguas-bem-comum-em-midia-livre\/#primaryimage\"},\"image\":{\"@id\":\"https:\/\/caminhodasaguas.org.br\/maya\/aguas-bem-comum-em-midia-livre\/#primaryimage\"},\"thumbnailUrl\":\"https:\/\/caminhodasaguas.org.br\/maya\/wp-content\/uploads\/sites\/4\/2018\/02\/site_projetos_aguasbot-1.4.png\",\"datePublished\":\"2018-02-21T16:03:58+00:00\",\"breadcrumb\":{\"@id\":\"https:\/\/caminhodasaguas.org.br\/maya\/aguas-bem-comum-em-midia-livre\/#breadcrumb\"},\"inLanguage\":\"pt-BR\",\"potentialAction\":[{\"@type\":\"ReadAction\",\"target\":[\"https:\/\/caminhodasaguas.org.br\/maya\/aguas-bem-comum-em-midia-livre\/\"]}]},{\"@type\":\"ImageObject\",\"inLanguage\":\"pt-BR\",\"@id\":\"https:\/\/caminhodasaguas.org.br\/maya\/aguas-bem-comum-em-midia-livre\/#primaryimage\",\"url\":\"https:\/\/caminhodasaguas.org.br\/maya\/wp-content\/uploads\/sites\/4\/2018\/02\/site_projetos_aguasbot-1.4.png\",\"contentUrl\":\"https:\/\/caminhodasaguas.org.br\/maya\/wp-content\/uploads\/sites\/4\/2018\/02\/site_projetos_aguasbot-1.4.png\",\"width\":1890,\"height\":1417},{\"@type\":\"BreadcrumbList\",\"@id\":\"https:\/\/caminhodasaguas.org.br\/maya\/aguas-bem-comum-em-midia-livre\/#breadcrumb\",\"itemListElement\":[{\"@type\":\"ListItem\",\"position\":1,\"name\":\"In\u00edcio\",\"item\":\"https:\/\/caminhodasaguas.org.br\/maya\/\"},{\"@type\":\"ListItem\",\"position\":2,\"name\":\"\u00c1guas Bem Comum em M\u00eddia Livre\"}]},{\"@type\":\"WebSite\",\"@id\":\"https:\/\/caminhodasaguas.org.br\/maya\/#website\",\"url\":\"https:\/\/caminhodasaguas.org.br\/maya\/\",\"name\":\"Caminho das \u00c1guas 20 Anos\",\"description\":\"Movimento S\u00f3cio-Ambiental Caminho das \u00c1guas\",\"publisher\":{\"@id\":\"https:\/\/caminhodasaguas.org.br\/maya\/#organization\"},\"potentialAction\":[{\"@type\":\"SearchAction\",\"target\":{\"@type\":\"EntryPoint\",\"urlTemplate\":\"https:\/\/caminhodasaguas.org.br\/maya\/?s={search_term_string}\"},\"query-input\":{\"@type\":\"PropertyValueSpecification\",\"valueRequired\":true,\"valueName\":\"search_term_string\"}}],\"inLanguage\":\"pt-BR\"},{\"@type\":\"Organization\",\"@id\":\"https:\/\/caminhodasaguas.org.br\/maya\/#organization\",\"name\":\"Caminho das \u00c1guas\",\"url\":\"https:\/\/caminhodasaguas.org.br\/maya\/\",\"logo\":{\"@type\":\"ImageObject\",\"inLanguage\":\"pt-BR\",\"@id\":\"https:\/\/caminhodasaguas.org.br\/maya\/#\/schema\/logo\/image\/\",\"url\":\"https:\/\/caminhodasaguas.org.br\/wp-content\/uploads\/2020\/03\/logoch2o-hrz-grd.png\",\"contentUrl\":\"https:\/\/caminhodasaguas.org.br\/wp-content\/uploads\/2020\/03\/logoch2o-hrz-grd.png\",\"width\":1024,\"height\":420,\"caption\":\"Caminho das \u00c1guas\"},\"image\":{\"@id\":\"https:\/\/caminhodasaguas.org.br\/maya\/#\/schema\/logo\/image\/\"},\"sameAs\":[\"https:\/\/facebook.com\/caminhodasaguas\",\"https:\/\/x.com\/caminhodasaguas\",\"https:\/\/instagram.com\/caminhoh2o\",\"https:\/\/www.linkedin.com\/company\/ong-caminho-das-guas\"]}]}<\/script>\n<!-- \/ Yoast SEO plugin. -->","yoast_head_json":{"title":"\u00c1guas Bem Comum em M\u00eddia Livre - Caminho das \u00c1guas 20 Anos","robots":{"index":"index","follow":"follow","max-snippet":"max-snippet:-1","max-image-preview":"max-image-preview:large","max-video-preview":"max-video-preview:-1"},"canonical":"https:\/\/caminhodasaguas.org.br\/maya\/aguas-bem-comum-em-midia-livre\/","og_locale":"pt_BR","og_type":"article","og_title":"\u00c1guas Bem Comum em M\u00eddia Livre - Caminho das \u00c1guas 20 Anos","og_description":"O \u00c1guas.ML \u00e9 uma iniciativa em Ci\u00eancia Aberta focada em uma plataforma que pretende apresentar projetos bem sucedidos em todo o mundo para inspirar a\u00e7\u00f5es de planejamento, design e desenvolvimento de cidades e organiza\u00e7\u00f5es, assim como comunidades e enxames. Queremos oferecer uma vis\u00e3o pr\u00e1tica de projetos de sucesso \u2013 todos com impactos socioambientias positivos al\u00e9m [&hellip;]","og_url":"https:\/\/caminhodasaguas.org.br\/maya\/aguas-bem-comum-em-midia-livre\/","og_site_name":"Caminho das \u00c1guas 20 Anos","article_publisher":"https:\/\/facebook.com\/caminhodasaguas","og_image":[{"width":1890,"height":1417,"url":"https:\/\/caminhodasaguas.org.br\/maya\/wp-content\/uploads\/sites\/4\/2018\/02\/site_projetos_aguasbot-1.4.png","type":"image\/png"}],"twitter_card":"summary_large_image","twitter_site":"@caminhodasaguas","twitter_misc":{"Est. tempo de leitura":"1 minuto"},"schema":{"@context":"https:\/\/schema.org","@graph":[{"@type":"WebPage","@id":"https:\/\/caminhodasaguas.org.br\/maya\/aguas-bem-comum-em-midia-livre\/","url":"https:\/\/caminhodasaguas.org.br\/maya\/aguas-bem-comum-em-midia-livre\/","name":"\u00c1guas Bem Comum em M\u00eddia Livre - Caminho das \u00c1guas 20 Anos","isPartOf":{"@id":"https:\/\/caminhodasaguas.org.br\/maya\/#website"},"primaryImageOfPage":{"@id":"https:\/\/caminhodasaguas.org.br\/maya\/aguas-bem-comum-em-midia-livre\/#primaryimage"},"image":{"@id":"https:\/\/caminhodasaguas.org.br\/maya\/aguas-bem-comum-em-midia-livre\/#primaryimage"},"thumbnailUrl":"https:\/\/caminhodasaguas.org.br\/maya\/wp-content\/uploads\/sites\/4\/2018\/02\/site_projetos_aguasbot-1.4.png","datePublished":"2018-02-21T16:03:58+00:00","breadcrumb":{"@id":"https:\/\/caminhodasaguas.org.br\/maya\/aguas-bem-comum-em-midia-livre\/#breadcrumb"},"inLanguage":"pt-BR","potentialAction":[{"@type":"ReadAction","target":["https:\/\/caminhodasaguas.org.br\/maya\/aguas-bem-comum-em-midia-livre\/"]}]},{"@type":"ImageObject","inLanguage":"pt-BR","@id":"https:\/\/caminhodasaguas.org.br\/maya\/aguas-bem-comum-em-midia-livre\/#primaryimage","url":"https:\/\/caminhodasaguas.org.br\/maya\/wp-content\/uploads\/sites\/4\/2018\/02\/site_projetos_aguasbot-1.4.png","contentUrl":"https:\/\/caminhodasaguas.org.br\/maya\/wp-content\/uploads\/sites\/4\/2018\/02\/site_projetos_aguasbot-1.4.png","width":1890,"height":1417},{"@type":"BreadcrumbList","@id":"https:\/\/caminhodasaguas.org.br\/maya\/aguas-bem-comum-em-midia-livre\/#breadcrumb","itemListElement":[{"@type":"ListItem","position":1,"name":"In\u00edcio","item":"https:\/\/caminhodasaguas.org.br\/maya\/"},{"@type":"ListItem","position":2,"name":"\u00c1guas Bem Comum em M\u00eddia Livre"}]},{"@type":"WebSite","@id":"https:\/\/caminhodasaguas.org.br\/maya\/#website","url":"https:\/\/caminhodasaguas.org.br\/maya\/","name":"Caminho das \u00c1guas 20 Anos","description":"Movimento S\u00f3cio-Ambiental Caminho das \u00c1guas","publisher":{"@id":"https:\/\/caminhodasaguas.org.br\/maya\/#organization"},"potentialAction":[{"@type":"SearchAction","target":{"@type":"EntryPoint","urlTemplate":"https:\/\/caminhodasaguas.org.br\/maya\/?s={search_term_string}"},"query-input":{"@type":"PropertyValueSpecification","valueRequired":true,"valueName":"search_term_string"}}],"inLanguage":"pt-BR"},{"@type":"Organization","@id":"https:\/\/caminhodasaguas.org.br\/maya\/#organization","name":"Caminho das \u00c1guas","url":"https:\/\/caminhodasaguas.org.br\/maya\/","logo":{"@type":"ImageObject","inLanguage":"pt-BR","@id":"https:\/\/caminhodasaguas.org.br\/maya\/#\/schema\/logo\/image\/","url":"https:\/\/caminhodasaguas.org.br\/wp-content\/uploads\/2020\/03\/logoch2o-hrz-grd.png","contentUrl":"https:\/\/caminhodasaguas.org.br\/wp-content\/uploads\/2020\/03\/logoch2o-hrz-grd.png","width":1024,"height":420,"caption":"Caminho das \u00c1guas"},"image":{"@id":"https:\/\/caminhodasaguas.org.br\/maya\/#\/schema\/logo\/image\/"},"sameAs":["https:\/\/facebook.com\/caminhodasaguas","https:\/\/x.com\/caminhodasaguas","https:\/\/instagram.com\/caminhoh2o","https:\/\/www.linkedin.com\/company\/ong-caminho-das-guas"]}]}},"_links":{"self":[{"href":"https:\/\/caminhodasaguas.org.br\/maya\/wp-json\/wp\/v2\/pages\/48","targetHints":{"allow":["GET"]}}],"collection":[{"href":"https:\/\/caminhodasaguas.org.br\/maya\/wp-json\/wp\/v2\/pages"}],"about":[{"href":"https:\/\/caminhodasaguas.org.br\/maya\/wp-json\/wp\/v2\/types\/page"}],"author":[{"embeddable":true,"href":"https:\/\/caminhodasaguas.org.br\/maya\/wp-json\/wp\/v2\/users\/1"}],"replies":[{"embeddable":true,"href":"https:\/\/caminhodasaguas.org.br\/maya\/wp-json\/wp\/v2\/comments?post=48"}],"version-history":[{"count":0,"href":"https:\/\/caminhodasaguas.org.br\/maya\/wp-json\/wp\/v2\/pages\/48\/revisions"}],"wp:featuredmedia":[{"embeddable":true,"href":"https:\/\/caminhodasaguas.org.br\/maya\/wp-json\/wp\/v2\/media\/44"}],"wp:attachment":[{"href":"https:\/\/caminhodasaguas.org.br\/maya\/wp-json\/wp\/v2\/media?parent=48"}],"curies":[{"name":"wp","href":"https:\/\/api.w.org\/{rel}","templated":true}]}}