{"id":153,"date":"2022-09-16T12:06:57","date_gmt":"2022-09-16T15:06:57","guid":{"rendered":"https:\/\/caminhodasaguas.org.br\/vida\/?page_id=153"},"modified":"2023-05-01T21:18:18","modified_gmt":"2023-05-02T00:18:18","slug":"inicio-das-conversas-hidricas","status":"publish","type":"page","link":"https:\/\/caminhodasaguas.org.br\/vida\/","title":{"rendered":"\u00c1guas, pra qu\u00ea te quero?"},"content":{"rendered":"<h2>Incentivando mais conversas sobre as \u00e1guas e recursos h\u00eddricos<\/h2>\n<p>No texto abaixo apresentamos nossas inspira\u00e7\u00f5es e <a href=\"https:\/\/caminhodasaguas.org.br\/vida\/conversas\/\">aqui<\/a> voc\u00ea visualiza as <a href=\"https:\/\/caminhodasaguas.org.br\/vida\/conversas\/\"><strong>atividades j\u00e1 realizadas<\/strong><\/a>!<\/p>\n<h3><\/h3>\n<h3>1\u00ba argumento =) Muito bom ter voc\u00ea por aqui!<\/h3>\n<p>Conversar, dialogar, perguntar, refletir e aprender s\u00e3o verbos tradicionais na Caminho das \u00c1guas.<br \/>\nAmamos morar neste planeta abundante porque nele nunca falta \u00e1gua! Triste fato \u00e9 ter \u00e1gua, mas polu\u00edda, privatizada, inacess\u00edvel e violada.<br \/>\nSem d\u00favida alguma o impacto da polui\u00e7\u00e3o, dos desmatamentos e da aus\u00eancia de a\u00e7\u00f5es harm\u00f4nicas com a Natureza tem deixado pior, mais dif\u00edcil e cruel, o dia a dia de quase todos os seres do planeta.<br \/>\n&nbsp;<\/p>\n<blockquote><p>Os avan\u00e7os dos \u00faltimos s\u00e9culos s\u00e3o incapazes de garantir nosso futuro, dado que nos presenteia com oportunidades de, ao menos, ampliar nossa capacidade de adapta\u00e7\u00e3o e \u2013 quem sabe \u2013 mitigar alguns dos danos causados \u00e0 M\u00e3e Natureza.<\/p><\/blockquote>\n<p>&nbsp;<br \/>\nEm tempos de uma pandemia com impactos deveras desconhecidos, alguns problemas n\u00e3o d\u00e1\u00a0 &#8220;para pagar para algu\u00e9m resolver&#8221;. Conversando por a\u00ed, suspeitamos que a \u00e2nsia coletiva \u00e9 por solu\u00e7\u00f5es simples, mesmo que potencialmente inalcan\u00e7\u00e1veis.<br \/>\nEm um cen\u00e1rio futuro minimamente positivo, talvez seja poss\u00edvel ao menos sermos mais felizes e <em>sociobiodiversificadamente<\/em> justos, atuando em solidariedades entre velhos e novos arranjos das democracias.<br \/>\nOs Direitos da Natureza apresentam nos \u00faltimos anos <a href=\"http:\/\/harmonywithnatureun.org\/events\/\" target=\"_blank\" rel=\"noopener\">muitas novidades<\/a> em ordena\u00e7\u00f5es jur\u00eddicas, experi\u00eancias nacionais e localizadas, al\u00e9m de novos desafios. Mesmo diante de avan\u00e7os, as \u00e1guas ainda lutam muito por preservar-se ante a especula\u00e7\u00e3o e privatiza\u00e7\u00e3o de recursos.<br \/>\nQuem acompanha a <em>cena sustent\u00e1vel<\/em> e viu seus germinares sabe o tanto de <em>biruleibes<\/em> j\u00e1 criados, este talvez seja mais um, ningu\u00e9m sabe quais s\u00e3o os caminhos das \u00e1guas do futuro.<br \/>\nAs atuais, escassas em pureza, abundantes quando polu\u00eddas. Tem sido bem simples encontrar as caracter\u00edsticas fundamentais do Antropoceno em qualquer cidade do mundo.<br \/>\nAssim, sabendo que existe \u00e1gua em voc\u00ea e muito mais em algum lugar perto de voc\u00ea, <strong>te convidamos para cocriar conversas<\/strong> sobre os motivos de acreditarmos em uma paix\u00e3o contagiante pelas \u00e1guas!<br \/>\nQueremos descobrir os Direitos das \u00c1guas, os Direitos das Pessoas e os caminhos que organiza\u00e7\u00f5es e coletivos t\u00eam trilhado na busca de a\u00e7\u00f5es de preserva\u00e7\u00e3o da nossa capacidade de sobreviv\u00eancia enquanto esp\u00e9cie.<br \/>\nPode digitar o que quiser abaixo, a pergunta que te fazemos, se precisar de uma inspira\u00e7\u00e3o, \u00e9 sempre essa:<\/p>\n<h1>\u00c1gua, pra qu\u00ea te quero?<\/h1>\n<p>\n<div class=\"wpcf7 no-js\" id=\"wpcf7-f22-o1\" lang=\"pt-BR\" dir=\"ltr\" data-wpcf7-id=\"22\">\n<div class=\"screen-reader-response\"><p role=\"status\" aria-live=\"polite\" aria-atomic=\"true\"><\/p> <ul><\/ul><\/div>\n<form action=\"\/vida\/wp-json\/wp\/v2\/pages\/153#wpcf7-f22-o1\" method=\"post\" class=\"wpcf7-form init\" aria-label=\"Formul\u00e1rios de contato\" novalidate=\"novalidate\" data-status=\"init\">\n<fieldset class=\"hidden-fields-container\"><input type=\"hidden\" name=\"_wpcf7\" value=\"22\" \/><input type=\"hidden\" name=\"_wpcf7_version\" value=\"6.1.5\" \/><input type=\"hidden\" name=\"_wpcf7_locale\" value=\"pt_BR\" \/><input type=\"hidden\" name=\"_wpcf7_unit_tag\" value=\"wpcf7-f22-o1\" \/><input type=\"hidden\" name=\"_wpcf7_container_post\" value=\"0\" \/><input type=\"hidden\" name=\"_wpcf7_posted_data_hash\" value=\"\" \/>\n<\/fieldset>\n<p><label> Seu nome<br \/>\n<span class=\"wpcf7-form-control-wrap\" data-name=\"your-name\"><input size=\"40\" maxlength=\"400\" class=\"wpcf7-form-control wpcf7-text wpcf7-validates-as-required\" aria-required=\"true\" aria-invalid=\"false\" value=\"\" type=\"text\" name=\"your-name\" \/><\/span> <\/label>\n<\/p>\n<p><label> Seu e-mail<br \/>\n<span class=\"wpcf7-form-control-wrap\" data-name=\"your-email\"><input size=\"40\" maxlength=\"400\" class=\"wpcf7-form-control wpcf7-email wpcf7-validates-as-required wpcf7-text wpcf7-validates-as-email\" aria-required=\"true\" aria-invalid=\"false\" value=\"\" type=\"email\" name=\"your-email\" \/><\/span> <\/label>\n<\/p>\n<p><label> Sua mensagem<br \/>\n<span class=\"wpcf7-form-control-wrap\" data-name=\"your-subject\"><input size=\"40\" maxlength=\"400\" class=\"wpcf7-form-control wpcf7-text wpcf7-validates-as-required\" aria-required=\"true\" aria-invalid=\"false\" value=\"\" type=\"text\" name=\"your-subject\" \/><\/span> <\/label>\n<\/p>\n<p><label> Pra qu\u00ea voc\u00ea quer \u00e1gua?<br \/>\n<span class=\"wpcf7-form-control-wrap\" data-name=\"your-message\"><textarea cols=\"40\" rows=\"10\" maxlength=\"2000\" class=\"wpcf7-form-control wpcf7-textarea\" aria-invalid=\"false\" name=\"your-message\"><\/textarea><\/span> <\/label>\n<\/p>\n<p><input class=\"wpcf7-form-control wpcf7-submit has-spinner\" type=\"submit\" value=\"Enviar\" \/>\n<\/p><div class=\"wpcf7-response-output\" aria-hidden=\"true\"><\/div>\n<\/form>\n<\/div>\n<br \/>\n&nbsp;<br \/>\n<img fetchpriority=\"high\" decoding=\"async\" src=\"https:\/\/caminhodasaguas.org.br\/vida\/wp-content\/uploads\/sites\/5\/2021\/09\/banner_conversando_aguas.png\" alt=\"\" width=\"2240\" height=\"1260\" \/><\/p>\n","protected":false},"excerpt":{"rendered":"<p>Incentivando mais conversas sobre as \u00e1guas e recursos h\u00eddricos No texto abaixo apresentamos nossas inspira\u00e7\u00f5es e aqui voc\u00ea visualiza as atividades j\u00e1 realizadas! 1\u00ba argumento =) Muito bom ter voc\u00ea por aqui! Conversar, dialogar, perguntar, refletir e aprender s\u00e3o verbos tradicionais na Caminho das \u00c1guas. Amamos morar neste planeta abundante porque nele nunca falta \u00e1gua!&#46;&#46;&#46;<\/p>\n","protected":false},"author":1,"featured_media":0,"parent":0,"menu_order":0,"comment_status":"closed","ping_status":"closed","template":"","meta":{"footnotes":""},"class_list":["post-153","page","type-page","status-publish","hentry"],"yoast_head":"<!-- This site is optimized with the Yoast SEO plugin v27.0 - https:\/\/yoast.com\/product\/yoast-seo-wordpress\/ -->\n<title>\u00c1guas, pra qu\u00ea te quero? - Conversando com as \u00c1guas<\/title>\n<meta name=\"description\" content=\"Conversas sobre os Direitos da Natureza das \u00c1guas, os Direitos das Pessoas e a\u00e7\u00f5es de preserva\u00e7\u00e3o da capacidade de sobreviv\u00eancia da esp\u00e9cie.\" \/>\n<meta name=\"robots\" content=\"index, follow, max-snippet:-1, max-image-preview:large, max-video-preview:-1\" \/>\n<link rel=\"canonical\" href=\"https:\/\/caminhodasaguas.org.br\/vida\/\" \/>\n<meta property=\"og:locale\" content=\"pt_BR\" \/>\n<meta property=\"og:type\" content=\"article\" \/>\n<meta property=\"og:title\" content=\"\u00c1guas, pra qu\u00ea te quero? - Conversando com as \u00c1guas\" \/>\n<meta property=\"og:description\" content=\"Conversas sobre os Direitos da Natureza das \u00c1guas, os Direitos das Pessoas e a\u00e7\u00f5es de preserva\u00e7\u00e3o da capacidade de sobreviv\u00eancia da esp\u00e9cie.\" \/>\n<meta property=\"og:url\" content=\"https:\/\/caminhodasaguas.org.br\/vida\/\" \/>\n<meta property=\"og:site_name\" content=\"Conversando com as \u00c1guas\" \/>\n<meta property=\"article:publisher\" content=\"https:\/\/facebook.com\/caminhodasaguas\" \/>\n<meta property=\"article:modified_time\" content=\"2023-05-02T00:18:18+00:00\" \/>\n<meta property=\"og:image\" content=\"https:\/\/caminhodasaguas.org.br\/vida\/wp-content\/uploads\/sites\/5\/2021\/09\/banner_conversando_aguas.png\" \/>\n<meta name=\"twitter:card\" content=\"summary_large_image\" \/>\n<meta name=\"twitter:site\" content=\"@caminhodasaguas\" \/>\n<meta name=\"twitter:label1\" content=\"Est. tempo de leitura\" \/>\n\t<meta name=\"twitter:data1\" content=\"3 minutos\" \/>\n<script type=\"application\/ld+json\" class=\"yoast-schema-graph\">{\"@context\":\"https:\/\/schema.org\",\"@graph\":[{\"@type\":\"WebPage\",\"@id\":\"https:\/\/caminhodasaguas.org.br\/vida\/\",\"url\":\"https:\/\/caminhodasaguas.org.br\/vida\/\",\"name\":\"\u00c1guas, pra qu\u00ea te quero? - Conversando com as \u00c1guas\",\"isPartOf\":{\"@id\":\"https:\/\/caminhodasaguas.org.br\/vida\/#website\"},\"primaryImageOfPage\":{\"@id\":\"https:\/\/caminhodasaguas.org.br\/vida\/#primaryimage\"},\"image\":{\"@id\":\"https:\/\/caminhodasaguas.org.br\/vida\/#primaryimage\"},\"thumbnailUrl\":\"https:\/\/caminhodasaguas.org.br\/vida\/wp-content\/uploads\/sites\/5\/2021\/09\/banner_conversando_aguas.png\",\"datePublished\":\"2022-09-16T15:06:57+00:00\",\"dateModified\":\"2023-05-02T00:18:18+00:00\",\"description\":\"Conversas sobre os Direitos da Natureza das \u00c1guas, os Direitos das Pessoas e a\u00e7\u00f5es de preserva\u00e7\u00e3o da capacidade de sobreviv\u00eancia da esp\u00e9cie.\",\"breadcrumb\":{\"@id\":\"https:\/\/caminhodasaguas.org.br\/vida\/#breadcrumb\"},\"inLanguage\":\"pt-BR\",\"potentialAction\":[{\"@type\":\"ReadAction\",\"target\":[\"https:\/\/caminhodasaguas.org.br\/vida\/\"]}]},{\"@type\":\"ImageObject\",\"inLanguage\":\"pt-BR\",\"@id\":\"https:\/\/caminhodasaguas.org.br\/vida\/#primaryimage\",\"url\":\"https:\/\/caminhodasaguas.org.br\/vida\/wp-content\/uploads\/sites\/5\/2021\/09\/banner_conversando_aguas.png\",\"contentUrl\":\"https:\/\/caminhodasaguas.org.br\/vida\/wp-content\/uploads\/sites\/5\/2021\/09\/banner_conversando_aguas.png\",\"width\":2240,\"height\":1260},{\"@type\":\"BreadcrumbList\",\"@id\":\"https:\/\/caminhodasaguas.org.br\/vida\/#breadcrumb\",\"itemListElement\":[{\"@type\":\"ListItem\",\"position\":1,\"name\":\"In\u00edcio\",\"item\":\"https:\/\/caminhodasaguas.org.br\/vida\/\"},{\"@type\":\"ListItem\",\"position\":2,\"name\":\"\u00c1guas, pra qu\u00ea te quero?\"}]},{\"@type\":\"WebSite\",\"@id\":\"https:\/\/caminhodasaguas.org.br\/vida\/#website\",\"url\":\"https:\/\/caminhodasaguas.org.br\/vida\/\",\"name\":\"Conversando com as \u00c1guas\",\"description\":\"Amamos morar neste planeta abundante porque nele nunca falta \u00e1gua\",\"publisher\":{\"@id\":\"https:\/\/caminhodasaguas.org.br\/vida\/#organization\"},\"potentialAction\":[{\"@type\":\"SearchAction\",\"target\":{\"@type\":\"EntryPoint\",\"urlTemplate\":\"https:\/\/caminhodasaguas.org.br\/vida\/?s={search_term_string}\"},\"query-input\":{\"@type\":\"PropertyValueSpecification\",\"valueRequired\":true,\"valueName\":\"search_term_string\"}}],\"inLanguage\":\"pt-BR\"},{\"@type\":\"Organization\",\"@id\":\"https:\/\/caminhodasaguas.org.br\/vida\/#organization\",\"name\":\"ONG Caminho das \u00c1guas\",\"url\":\"https:\/\/caminhodasaguas.org.br\/vida\/\",\"logo\":{\"@type\":\"ImageObject\",\"inLanguage\":\"pt-BR\",\"@id\":\"https:\/\/caminhodasaguas.org.br\/vida\/#\/schema\/logo\/image\/\",\"url\":\"https:\/\/caminhodasaguas.org.br\/vida\/wp-content\/uploads\/sites\/5\/2022\/09\/logo-ch2o_500px.png\",\"contentUrl\":\"https:\/\/caminhodasaguas.org.br\/vida\/wp-content\/uploads\/sites\/5\/2022\/09\/logo-ch2o_500px.png\",\"width\":500,\"height\":500,\"caption\":\"ONG Caminho das \u00c1guas\"},\"image\":{\"@id\":\"https:\/\/caminhodasaguas.org.br\/vida\/#\/schema\/logo\/image\/\"},\"sameAs\":[\"https:\/\/facebook.com\/caminhodasaguas\",\"https:\/\/x.com\/caminhodasaguas\",\"https:\/\/instagram.com\/caminhoh2o\",\"https:\/\/www.linkedin.com\/company\/ong-caminho-das-guas\"]}]}<\/script>\n<!-- \/ Yoast SEO plugin. -->","yoast_head_json":{"title":"\u00c1guas, pra qu\u00ea te quero? - Conversando com as \u00c1guas","description":"Conversas sobre os Direitos da Natureza das \u00c1guas, os Direitos das Pessoas e a\u00e7\u00f5es de preserva\u00e7\u00e3o da capacidade de sobreviv\u00eancia da esp\u00e9cie.","robots":{"index":"index","follow":"follow","max-snippet":"max-snippet:-1","max-image-preview":"max-image-preview:large","max-video-preview":"max-video-preview:-1"},"canonical":"https:\/\/caminhodasaguas.org.br\/vida\/","og_locale":"pt_BR","og_type":"article","og_title":"\u00c1guas, pra qu\u00ea te quero? - Conversando com as \u00c1guas","og_description":"Conversas sobre os Direitos da Natureza das \u00c1guas, os Direitos das Pessoas e a\u00e7\u00f5es de preserva\u00e7\u00e3o da capacidade de sobreviv\u00eancia da esp\u00e9cie.","og_url":"https:\/\/caminhodasaguas.org.br\/vida\/","og_site_name":"Conversando com as \u00c1guas","article_publisher":"https:\/\/facebook.com\/caminhodasaguas","article_modified_time":"2023-05-02T00:18:18+00:00","og_image":[{"url":"https:\/\/caminhodasaguas.org.br\/vida\/wp-content\/uploads\/sites\/5\/2021\/09\/banner_conversando_aguas.png","type":"","width":"","height":""}],"twitter_card":"summary_large_image","twitter_site":"@caminhodasaguas","twitter_misc":{"Est. tempo de leitura":"3 minutos"},"schema":{"@context":"https:\/\/schema.org","@graph":[{"@type":"WebPage","@id":"https:\/\/caminhodasaguas.org.br\/vida\/","url":"https:\/\/caminhodasaguas.org.br\/vida\/","name":"\u00c1guas, pra qu\u00ea te quero? - Conversando com as \u00c1guas","isPartOf":{"@id":"https:\/\/caminhodasaguas.org.br\/vida\/#website"},"primaryImageOfPage":{"@id":"https:\/\/caminhodasaguas.org.br\/vida\/#primaryimage"},"image":{"@id":"https:\/\/caminhodasaguas.org.br\/vida\/#primaryimage"},"thumbnailUrl":"https:\/\/caminhodasaguas.org.br\/vida\/wp-content\/uploads\/sites\/5\/2021\/09\/banner_conversando_aguas.png","datePublished":"2022-09-16T15:06:57+00:00","dateModified":"2023-05-02T00:18:18+00:00","description":"Conversas sobre os Direitos da Natureza das \u00c1guas, os Direitos das Pessoas e a\u00e7\u00f5es de preserva\u00e7\u00e3o da capacidade de sobreviv\u00eancia da esp\u00e9cie.","breadcrumb":{"@id":"https:\/\/caminhodasaguas.org.br\/vida\/#breadcrumb"},"inLanguage":"pt-BR","potentialAction":[{"@type":"ReadAction","target":["https:\/\/caminhodasaguas.org.br\/vida\/"]}]},{"@type":"ImageObject","inLanguage":"pt-BR","@id":"https:\/\/caminhodasaguas.org.br\/vida\/#primaryimage","url":"https:\/\/caminhodasaguas.org.br\/vida\/wp-content\/uploads\/sites\/5\/2021\/09\/banner_conversando_aguas.png","contentUrl":"https:\/\/caminhodasaguas.org.br\/vida\/wp-content\/uploads\/sites\/5\/2021\/09\/banner_conversando_aguas.png","width":2240,"height":1260},{"@type":"BreadcrumbList","@id":"https:\/\/caminhodasaguas.org.br\/vida\/#breadcrumb","itemListElement":[{"@type":"ListItem","position":1,"name":"In\u00edcio","item":"https:\/\/caminhodasaguas.org.br\/vida\/"},{"@type":"ListItem","position":2,"name":"\u00c1guas, pra qu\u00ea te quero?"}]},{"@type":"WebSite","@id":"https:\/\/caminhodasaguas.org.br\/vida\/#website","url":"https:\/\/caminhodasaguas.org.br\/vida\/","name":"Conversando com as \u00c1guas","description":"Amamos morar neste planeta abundante porque nele nunca falta \u00e1gua","publisher":{"@id":"https:\/\/caminhodasaguas.org.br\/vida\/#organization"},"potentialAction":[{"@type":"SearchAction","target":{"@type":"EntryPoint","urlTemplate":"https:\/\/caminhodasaguas.org.br\/vida\/?s={search_term_string}"},"query-input":{"@type":"PropertyValueSpecification","valueRequired":true,"valueName":"search_term_string"}}],"inLanguage":"pt-BR"},{"@type":"Organization","@id":"https:\/\/caminhodasaguas.org.br\/vida\/#organization","name":"ONG Caminho das \u00c1guas","url":"https:\/\/caminhodasaguas.org.br\/vida\/","logo":{"@type":"ImageObject","inLanguage":"pt-BR","@id":"https:\/\/caminhodasaguas.org.br\/vida\/#\/schema\/logo\/image\/","url":"https:\/\/caminhodasaguas.org.br\/vida\/wp-content\/uploads\/sites\/5\/2022\/09\/logo-ch2o_500px.png","contentUrl":"https:\/\/caminhodasaguas.org.br\/vida\/wp-content\/uploads\/sites\/5\/2022\/09\/logo-ch2o_500px.png","width":500,"height":500,"caption":"ONG Caminho das \u00c1guas"},"image":{"@id":"https:\/\/caminhodasaguas.org.br\/vida\/#\/schema\/logo\/image\/"},"sameAs":["https:\/\/facebook.com\/caminhodasaguas","https:\/\/x.com\/caminhodasaguas","https:\/\/instagram.com\/caminhoh2o","https:\/\/www.linkedin.com\/company\/ong-caminho-das-guas"]}]}},"_links":{"self":[{"href":"https:\/\/caminhodasaguas.org.br\/vida\/wp-json\/wp\/v2\/pages\/153","targetHints":{"allow":["GET"]}}],"collection":[{"href":"https:\/\/caminhodasaguas.org.br\/vida\/wp-json\/wp\/v2\/pages"}],"about":[{"href":"https:\/\/caminhodasaguas.org.br\/vida\/wp-json\/wp\/v2\/types\/page"}],"author":[{"embeddable":true,"href":"https:\/\/caminhodasaguas.org.br\/vida\/wp-json\/wp\/v2\/users\/1"}],"replies":[{"embeddable":true,"href":"https:\/\/caminhodasaguas.org.br\/vida\/wp-json\/wp\/v2\/comments?post=153"}],"version-history":[{"count":41,"href":"https:\/\/caminhodasaguas.org.br\/vida\/wp-json\/wp\/v2\/pages\/153\/revisions"}],"predecessor-version":[{"id":254,"href":"https:\/\/caminhodasaguas.org.br\/vida\/wp-json\/wp\/v2\/pages\/153\/revisions\/254"}],"wp:attachment":[{"href":"https:\/\/caminhodasaguas.org.br\/vida\/wp-json\/wp\/v2\/media?parent=153"}],"curies":[{"name":"wp","href":"https:\/\/api.w.org\/{rel}","templated":true}]}}